{"id":15,"date":"2020-01-29T15:13:26","date_gmt":"2020-01-29T15:13:26","guid":{"rendered":"https:\/\/www.calc-avocat.com\/?page_id=15"},"modified":"2021-05-02T11:16:40","modified_gmt":"2021-05-02T11:16:40","slug":"droit-fiscal","status":"publish","type":"page","link":"https:\/\/www.calc-avocat.com\/en\/droit-fiscal\/","title":{"rendered":"Areas of practices"},"content":{"rendered":"<div data-elementor-type=\"wp-page\" data-elementor-id=\"15\" class=\"elementor elementor-15\">\n\t\t\t\t\t\t<section class=\"elementor-section elementor-top-section elementor-element elementor-element-1380dd43 elementor-section-boxed elementor-section-height-default elementor-section-height-default\" data-id=\"1380dd43\" data-element_type=\"section\">\n\t\t\t\t\t\t<div class=\"elementor-container elementor-column-gap-default\">\n\t\t\t\t\t<div class=\"elementor-column elementor-col-100 elementor-top-column elementor-element elementor-element-5084cacd\" data-id=\"5084cacd\" data-element_type=\"column\">\n\t\t\t<div class=\"elementor-widget-wrap elementor-element-populated\">\n\t\t\t\t\t\t<div class=\"elementor-element elementor-element-4f7e35d elementor-widget elementor-widget-text-editor\" data-id=\"4f7e35d\" data-element_type=\"widget\" data-widget_type=\"text-editor.default\">\n\t\t\t\t<div class=\"elementor-widget-container\">\n\t\t\t\t\t\t\t\t\t<p>Clarisse Amadieu-Le Claire provides tax assistance to businesses and individuals, as well as coordinator on multidisciplinary projects.<\/p>\t\t\t\t\t\t\t\t<\/div>\n\t\t\t\t<\/div>\n\t\t\t\t<div class=\"elementor-element elementor-element-079ff20 animated-slow elementor-invisible elementor-widget elementor-widget-toggle\" data-id=\"079ff20\" data-element_type=\"widget\" data-settings=\"{&quot;_animation&quot;:&quot;fadeInLeft&quot;}\" data-widget_type=\"toggle.default\">\n\t\t\t\t<div class=\"elementor-widget-container\">\n\t\t\t\t\t\t\t<div class=\"elementor-toggle\">\n\t\t\t\t\t\t\t<div class=\"elementor-toggle-item\">\n\t\t\t\t\t<div id=\"elementor-tab-title-7991\" class=\"elementor-tab-title\" data-tab=\"1\" role=\"button\" aria-controls=\"elementor-tab-content-7991\" aria-expanded=\"false\">\n\t\t\t\t\t\t\t\t\t\t\t\t<span class=\"elementor-toggle-icon elementor-toggle-icon-left\" aria-hidden=\"true\">\n\t\t\t\t\t\t\t\t\t\t\t\t\t\t\t<span class=\"elementor-toggle-icon-closed\"><i class=\"fas fa-caret-right\"><\/i><\/span>\n\t\t\t\t\t\t\t\t<span class=\"elementor-toggle-icon-opened\"><i class=\"elementor-toggle-icon-opened fas fa-caret-up\"><\/i><\/span>\n\t\t\t\t\t\t\t\t\t\t\t\t\t<\/span>\n\t\t\t\t\t\t\t\t\t\t\t\t<a class=\"elementor-toggle-title\" tabindex=\"0\">General tax management for businesses<\/a>\n\t\t\t\t\t<\/div>\n\n\t\t\t\t\t<div id=\"elementor-tab-content-7991\" class=\"elementor-tab-content elementor-clearfix\" data-tab=\"1\" role=\"region\" aria-labelledby=\"elementor-tab-title-7991\"><p style=\"text-align: justify;\">With dedicated competences and focused on excellency, Clarisse Amadieu-Le Claire can assist you in understanding and solving general tax issues, in cooperation eventually with your chartered accountant.<\/p>\n<p style=\"text-align: justify;\"><!-- \/wp:paragraph --><!-- wp:paragraph --><\/p>\n<p style=\"text-align: justify;\">Every areas of business taxation can be addressed, such as corporate tax, VAT, local taxes.<\/p>\n<p style=\"text-align: justify;\"><!-- \/wp:paragraph --><!-- wp:paragraph --><\/p>\n<p style=\"text-align: justify;\">Customs duties will be treated in connexion with external experts.<\/p>\n<h3><em><strong>Sectors expertise<\/strong><\/em><\/h3>\n<p style=\"text-align: justify;\"><!-- \/wp:paragraph --><!-- wp:paragraph --><\/p>\n<p style=\"text-align: justify;\">Sport, luxury, professional painting, energy, insurance, financial, and automotive industries have been some of the sectors in which Clarisse Amadieu-Claire has been actively acting as lawyer over the past 28 years.<\/p><\/div>\n\t\t\t\t<\/div>\n\t\t\t\t\t\t\t<div class=\"elementor-toggle-item\">\n\t\t\t\t\t<div id=\"elementor-tab-title-7992\" class=\"elementor-tab-title\" data-tab=\"2\" role=\"button\" aria-controls=\"elementor-tab-content-7992\" aria-expanded=\"false\">\n\t\t\t\t\t\t\t\t\t\t\t\t<span class=\"elementor-toggle-icon elementor-toggle-icon-left\" aria-hidden=\"true\">\n\t\t\t\t\t\t\t\t\t\t\t\t\t\t\t<span class=\"elementor-toggle-icon-closed\"><i class=\"fas fa-caret-right\"><\/i><\/span>\n\t\t\t\t\t\t\t\t<span class=\"elementor-toggle-icon-opened\"><i class=\"elementor-toggle-icon-opened fas fa-caret-up\"><\/i><\/span>\n\t\t\t\t\t\t\t\t\t\t\t\t\t<\/span>\n\t\t\t\t\t\t\t\t\t\t\t\t<a class=\"elementor-toggle-title\" tabindex=\"0\">Restructuring and exceptional operations<\/a>\n\t\t\t\t\t<\/div>\n\n\t\t\t\t\t<div id=\"elementor-tab-content-7992\" class=\"elementor-tab-content elementor-clearfix\" data-tab=\"2\" role=\"region\" aria-labelledby=\"elementor-tab-title-7992\"><p style=\"text-align: justify;\">Clarisse Amadieu-Le Claire can assist you in anticipating and taking into account taxation issues in the scope of restructuring and acquisitions.<\/p>\n<p style=\"text-align: justify;\">She can also realize tax audits or due diligences for various purposes such as sales or acquisitions but also the setting up of your compliance and tax risk management policy.<\/p>\n<h3><i>Some recent credentials<\/i><\/h3>\n<p style=\"text-align: justify;\">Advise to the shareholders in the context of the purchase of a significant part of the share capital of a major insurance broker, simplification of the group structure (food industry), recurrent structuring issues for the catering sector.<\/p><\/div>\n\t\t\t\t<\/div>\n\t\t\t\t\t\t\t<div class=\"elementor-toggle-item\">\n\t\t\t\t\t<div id=\"elementor-tab-title-7993\" class=\"elementor-tab-title\" data-tab=\"3\" role=\"button\" aria-controls=\"elementor-tab-content-7993\" aria-expanded=\"false\">\n\t\t\t\t\t\t\t\t\t\t\t\t<span class=\"elementor-toggle-icon elementor-toggle-icon-left\" aria-hidden=\"true\">\n\t\t\t\t\t\t\t\t\t\t\t\t\t\t\t<span class=\"elementor-toggle-icon-closed\"><i class=\"fas fa-caret-right\"><\/i><\/span>\n\t\t\t\t\t\t\t\t<span class=\"elementor-toggle-icon-opened\"><i class=\"elementor-toggle-icon-opened fas fa-caret-up\"><\/i><\/span>\n\t\t\t\t\t\t\t\t\t\t\t\t\t<\/span>\n\t\t\t\t\t\t\t\t\t\t\t\t<a class=\"elementor-toggle-title\" tabindex=\"0\">Tax litigation<\/a>\n\t\t\t\t\t<\/div>\n\n\t\t\t\t\t<div id=\"elementor-tab-content-7993\" class=\"elementor-tab-content elementor-clearfix\" data-tab=\"3\" role=\"region\" aria-labelledby=\"elementor-tab-title-7993\"><p style=\"text-align: justify;\">Assistance in the context of a tax reassessment or tax litigation implies a high-level technical expertise and a good knowledge of the functioning of the French tax administration.<\/p>\n<p style=\"text-align: justify;\">Based on her experience with multinational law firms for more than 18 years combined with her more recent experience on her own, Clarisse may assist French companies including affiliates from foreign groups from the tax audit itself to tax litigations in front of administrative jurisdictions (in most cases), including the discussions with the tax administration.<\/p>\n<p style=\"text-align: justify;\">Le Cabinet privil\u00e9gie en principe la n\u00e9gociation mais n\u2019h\u00e9site pas \u00e0 recourir \u00e0 la voie contentieuse lorsque la position de l\u2019administration n\u2019est pas acceptable et que les enjeux le justifient.<\/p>\n<h3><i>Some recent credentials<\/i><\/h3>\n<ul style=\"list-style-type: circle;\">\n<li style=\"text-align: justify;\">Assistance to the French affiliate of an industrial group challenged on the ground of royalties and management fees paid to its parent company.<\/li>\n<li style=\"text-align: justify;\">Assistance to sportsmen in connexion with the holding of their image rights.<\/li>\n<li style=\"text-align: justify;\">Assistance on VAT issues for small size French groups.<\/li>\n<li>Assistance to shareholders reassessed pursuant to a tax audit raised at the level of the entity.<\/li>\n<\/ul><\/div>\n\t\t\t\t<\/div>\n\t\t\t\t\t\t\t<div class=\"elementor-toggle-item\">\n\t\t\t\t\t<div id=\"elementor-tab-title-7994\" class=\"elementor-tab-title\" data-tab=\"4\" role=\"button\" aria-controls=\"elementor-tab-content-7994\" aria-expanded=\"false\">\n\t\t\t\t\t\t\t\t\t\t\t\t<span class=\"elementor-toggle-icon elementor-toggle-icon-left\" aria-hidden=\"true\">\n\t\t\t\t\t\t\t\t\t\t\t\t\t\t\t<span class=\"elementor-toggle-icon-closed\"><i class=\"fas fa-caret-right\"><\/i><\/span>\n\t\t\t\t\t\t\t\t<span class=\"elementor-toggle-icon-opened\"><i class=\"elementor-toggle-icon-opened fas fa-caret-up\"><\/i><\/span>\n\t\t\t\t\t\t\t\t\t\t\t\t\t<\/span>\n\t\t\t\t\t\t\t\t\t\t\t\t<a class=\"elementor-toggle-title\" tabindex=\"0\">Tax assistance to individuals<\/a>\n\t\t\t\t\t<\/div>\n\n\t\t\t\t\t<div id=\"elementor-tab-content-7994\" class=\"elementor-tab-content elementor-clearfix\" data-tab=\"4\" role=\"region\" aria-labelledby=\"elementor-tab-title-7994\"><p style=\"text-align: justify;\">Clarisse Amadieu-Le Claire usually provides assistance to French or Foreign individuals in connexion with their private investments, tax reassessments or discussions with the tax administration, or specific technical issues raised by the filing of their tax returns.<br><br>\nDue to her past experience combined with the current size of the structure, she can notably offer a good alternative proposal to individuals that face international tax issues and wish to be assisted in a very close manner for a limited cost.<\/p>\n<h3><i>Some recent credentials<\/i><\/h3>\n<ul style=\"list-style-type: circle;\">\n<li style=\"text-align: justify;\">Assistance in connexion with specific reporting issues in a Franco-American context.<\/li>\n<li style=\"text-align: justify;\">Definition of the taxation of foreign aircrew and ground staff.<\/li>\n<li style=\"text-align: justify;\">Training on withholding tax for a television group, analysis of the specific problems of the airline sector in this area, numerous assignments related to the transition to withholding tax, tax audits incurred by individuals in a multinational context.<\/li>\n<\/ul><\/div>\n\t\t\t\t<\/div>\n\t\t\t\t\t\t\t<div class=\"elementor-toggle-item\">\n\t\t\t\t\t<div id=\"elementor-tab-title-7995\" class=\"elementor-tab-title\" data-tab=\"5\" role=\"button\" aria-controls=\"elementor-tab-content-7995\" aria-expanded=\"false\">\n\t\t\t\t\t\t\t\t\t\t\t\t<span class=\"elementor-toggle-icon elementor-toggle-icon-left\" aria-hidden=\"true\">\n\t\t\t\t\t\t\t\t\t\t\t\t\t\t\t<span class=\"elementor-toggle-icon-closed\"><i class=\"fas fa-caret-right\"><\/i><\/span>\n\t\t\t\t\t\t\t\t<span class=\"elementor-toggle-icon-opened\"><i class=\"elementor-toggle-icon-opened fas fa-caret-up\"><\/i><\/span>\n\t\t\t\t\t\t\t\t\t\t\t\t\t<\/span>\n\t\t\t\t\t\t\t\t\t\t\t\t<a class=\"elementor-toggle-title\" tabindex=\"0\">Tax risk assistance<\/a>\n\t\t\t\t\t<\/div>\n\n\t\t\t\t\t<div id=\"elementor-tab-content-7995\" class=\"elementor-tab-content elementor-clearfix\" data-tab=\"5\" role=\"region\" aria-labelledby=\"elementor-tab-title-7995\"><p style=\"text-align: justify;\">Due to her experience as a member of the compliance and risk department of a multinational law firm combined with her more recent experience with small or medium size companies issues and functioning, Clarisse Amadieu-Le Claire has developed a specific expertise in tax risk management for medium size businesses.<\/p>\n<p style=\"text-align: justify;\"><!-- \/wp:paragraph --><!-- wp:paragraph --><\/p>\n<p style=\"text-align: justify;\">Through interviews with the management, tax and accounting and operational staff as well, she can realize the tax mapping of the tax risk at the level of a French affiliate embedded in a more global process to propose a specific tax risk management plan for the French entity and remedies.<\/p>\n<h3><i>Some recent credentials<\/i><\/h3>\n<p>Assistance in tax reporting for various industrial groups, mapping of tax risks in all countries for an airline company.<\/p><\/div>\n\t\t\t\t<\/div>\n\t\t\t\t\t\t\t<div class=\"elementor-toggle-item\">\n\t\t\t\t\t<div id=\"elementor-tab-title-7996\" class=\"elementor-tab-title\" data-tab=\"6\" role=\"button\" aria-controls=\"elementor-tab-content-7996\" aria-expanded=\"false\">\n\t\t\t\t\t\t\t\t\t\t\t\t<span class=\"elementor-toggle-icon elementor-toggle-icon-left\" aria-hidden=\"true\">\n\t\t\t\t\t\t\t\t\t\t\t\t\t\t\t<span class=\"elementor-toggle-icon-closed\"><i class=\"fas fa-caret-right\"><\/i><\/span>\n\t\t\t\t\t\t\t\t<span class=\"elementor-toggle-icon-opened\"><i class=\"elementor-toggle-icon-opened fas fa-caret-up\"><\/i><\/span>\n\t\t\t\t\t\t\t\t\t\t\t\t\t<\/span>\n\t\t\t\t\t\t\t\t\t\t\t\t<a class=\"elementor-toggle-title\" tabindex=\"0\">Taxation of non-profit organisations<\/a>\n\t\t\t\t\t<\/div>\n\n\t\t\t\t\t<div id=\"elementor-tab-content-7996\" class=\"elementor-tab-content elementor-clearfix\" data-tab=\"6\" role=\"region\" aria-labelledby=\"elementor-tab-title-7996\"><p style=\"text-align: justify;\">Clarisse Amadieu-Le Claire can assist non-profit organisations in assessing the possible application of commercial taxes, monitoring the constraints for benefiting from exemptions, answering questions from the administration and managing disputes.<\/p><\/div>\n\t\t\t\t<\/div>\n\t\t\t\t\t\t\t\t<\/div>\n\t\t\t\t\t\t<\/div>\n\t\t\t\t<\/div>\n\t\t\t\t\t<\/div>\n\t\t<\/div>\n\t\t\t\t\t<\/div>\n\t\t<\/section>\n\t\t\t\t<\/div>","protected":false},"excerpt":{"rendered":"<p>Le Cabinet intervient en mati\u00e8re fiscale au profit des entreprises et des particuliers, ainsi qu\u2019en qualit\u00e9 de coordinateur sur des missions pluridisciplinaires. Gestion fiscale courante des entreprises Dot\u00e9 de comp\u00e9tences d\u00e9di\u00e9es et anim\u00e9 par la recherche de l\u2019excellence, le Cabinet peut vous assister dans la compr\u00e9hension et la r\u00e9solution de vos probl\u00e9matiques fiscales courantes, en [&hellip;]<\/p>","protected":false},"author":1,"featured_media":0,"parent":0,"menu_order":0,"comment_status":"closed","ping_status":"closed","template":"","meta":{"ocean_post_layout":"","ocean_both_sidebars_style":"","ocean_both_sidebars_content_width":0,"ocean_both_sidebars_sidebars_width":0,"ocean_sidebar":"0","ocean_second_sidebar":"0","ocean_disable_margins":"enable","ocean_add_body_class":"","ocean_shortcode_before_top_bar":"","ocean_shortcode_after_top_bar":"","ocean_shortcode_before_header":"","ocean_shortcode_after_header":"","ocean_has_shortcode":"","ocean_shortcode_after_title":"","ocean_shortcode_before_footer_widgets":"","ocean_shortcode_after_footer_widgets":"","ocean_shortcode_before_footer_bottom":"","ocean_shortcode_after_footer_bottom":"","ocean_display_top_bar":"default","ocean_display_header":"default","ocean_header_style":"","ocean_center_header_left_menu":"0","ocean_custom_header_template":"0","ocean_custom_logo":0,"ocean_custom_retina_logo":0,"ocean_custom_logo_max_width":0,"ocean_custom_logo_tablet_max_width":0,"ocean_custom_logo_mobile_max_width":0,"ocean_custom_logo_max_height":0,"ocean_custom_logo_tablet_max_height":0,"ocean_custom_logo_mobile_max_height":0,"ocean_header_custom_menu":"0","ocean_menu_typo_font_family":"0","ocean_menu_typo_font_subset":"","ocean_menu_typo_font_size":0,"ocean_menu_typo_font_size_tablet":0,"ocean_menu_typo_font_size_mobile":0,"ocean_menu_typo_font_size_unit":"px","ocean_menu_typo_font_weight":"","ocean_menu_typo_font_weight_tablet":"","ocean_menu_typo_font_weight_mobile":"","ocean_menu_typo_transform":"","ocean_menu_typo_transform_tablet":"","ocean_menu_typo_transform_mobile":"","ocean_menu_typo_line_height":0,"ocean_menu_typo_line_height_tablet":0,"ocean_menu_typo_line_height_mobile":0,"ocean_menu_typo_line_height_unit":"","ocean_menu_typo_spacing":0,"ocean_menu_typo_spacing_tablet":0,"ocean_menu_typo_spacing_mobile":0,"ocean_menu_typo_spacing_unit":"","ocean_menu_link_color":"","ocean_menu_link_color_hover":"","ocean_menu_link_color_active":"","ocean_menu_link_background":"","ocean_menu_link_hover_background":"","ocean_menu_link_active_background":"","ocean_menu_social_links_bg":"","ocean_menu_social_hover_links_bg":"","ocean_menu_social_links_color":"","ocean_menu_social_hover_links_color":"","ocean_disable_title":"enable","ocean_disable_heading":"enable","ocean_post_title":"","ocean_post_subheading":"","ocean_post_title_style":"centered","ocean_post_title_background_color":"","ocean_post_title_background":0,"ocean_post_title_bg_image_position":"","ocean_post_title_bg_image_attachment":"","ocean_post_title_bg_image_repeat":"","ocean_post_title_bg_image_size":"","ocean_post_title_height":0,"ocean_post_title_bg_overlay":0.5,"ocean_post_title_bg_overlay_color":"","ocean_disable_breadcrumbs":"default","ocean_breadcrumbs_color":"","ocean_breadcrumbs_separator_color":"","ocean_breadcrumbs_links_color":"","ocean_breadcrumbs_links_hover_color":"","ocean_display_footer_widgets":"default","ocean_display_footer_bottom":"default","ocean_custom_footer_template":"0","footnotes":""},"class_list":["post-15","page","type-page","status-publish","hentry","entry"],"yoast_head":"<!-- This site is optimized with the Yoast SEO plugin v24.9 - https:\/\/yoast.com\/wordpress\/plugins\/seo\/ -->\n<title>Domaines d&#039;intervention - Clarisse Amadieu-Le Claire<\/title>\n<meta name=\"description\" content=\"Gestion fiscale des entreprises - Fiscalit\u00e9 des op\u00e9rations exceptionnelles - Fiscalit\u00e9 des associations et des particuliers - Contentieux fiscal\" \/>\n<meta name=\"robots\" content=\"index, follow, max-snippet:-1, max-image-preview:large, max-video-preview:-1\" \/>\n<link rel=\"canonical\" href=\"https:\/\/www.calc-avocat.com\/en\/droit-fiscal\/\" \/>\n<meta property=\"og:locale\" content=\"en_GB\" \/>\n<meta property=\"og:type\" content=\"article\" \/>\n<meta property=\"og:title\" content=\"Domaines d&#039;intervention - Clarisse Amadieu-Le Claire\" \/>\n<meta property=\"og:description\" content=\"Gestion fiscale des entreprises - Fiscalit\u00e9 des op\u00e9rations exceptionnelles - Fiscalit\u00e9 des associations et des particuliers - Contentieux fiscal\" \/>\n<meta property=\"og:url\" content=\"https:\/\/www.calc-avocat.com\/en\/droit-fiscal\/\" \/>\n<meta property=\"og:site_name\" content=\"Clarisse Amadieu-Le Claire\" \/>\n<meta property=\"article:modified_time\" content=\"2021-05-02T11:16:40+00:00\" \/>\n<meta name=\"twitter:card\" content=\"summary_large_image\" \/>\n<meta name=\"twitter:label1\" content=\"Estimated reading time\" \/>\n\t<meta name=\"twitter:data1\" content=\"4 minutes\" \/>\n<script type=\"application\/ld+json\" class=\"yoast-schema-graph\">{\"@context\":\"https:\/\/schema.org\",\"@graph\":[{\"@type\":\"WebPage\",\"@id\":\"https:\/\/www.calc-avocat.com\/droit-fiscal\/\",\"url\":\"https:\/\/www.calc-avocat.com\/droit-fiscal\/\",\"name\":\"Domaines d'intervention - Clarisse Amadieu-Le Claire\",\"isPartOf\":{\"@id\":\"https:\/\/www.calc-avocat.com\/#website\"},\"datePublished\":\"2020-01-29T15:13:26+00:00\",\"dateModified\":\"2021-05-02T11:16:40+00:00\",\"description\":\"Gestion fiscale des entreprises - Fiscalit\u00e9 des op\u00e9rations exceptionnelles - Fiscalit\u00e9 des associations et des particuliers - Contentieux fiscal\",\"breadcrumb\":{\"@id\":\"https:\/\/www.calc-avocat.com\/droit-fiscal\/#breadcrumb\"},\"inLanguage\":\"en-GB\",\"potentialAction\":[{\"@type\":\"ReadAction\",\"target\":[\"https:\/\/www.calc-avocat.com\/droit-fiscal\/\"]}]},{\"@type\":\"BreadcrumbList\",\"@id\":\"https:\/\/www.calc-avocat.com\/droit-fiscal\/#breadcrumb\",\"itemListElement\":[{\"@type\":\"ListItem\",\"position\":1,\"name\":\"Accueil\",\"item\":\"https:\/\/www.calc-avocat.com\/\"},{\"@type\":\"ListItem\",\"position\":2,\"name\":\"Domaines d&rsquo;intervention\"}]},{\"@type\":\"WebSite\",\"@id\":\"https:\/\/www.calc-avocat.com\/#website\",\"url\":\"https:\/\/www.calc-avocat.com\/\",\"name\":\"Clarisse Amadieu-Le Claire\",\"description\":\"Avocat au Barreau de Paris\",\"publisher\":{\"@id\":\"https:\/\/www.calc-avocat.com\/#organization\"},\"potentialAction\":[{\"@type\":\"SearchAction\",\"target\":{\"@type\":\"EntryPoint\",\"urlTemplate\":\"https:\/\/www.calc-avocat.com\/?s={search_term_string}\"},\"query-input\":{\"@type\":\"PropertyValueSpecification\",\"valueRequired\":true,\"valueName\":\"search_term_string\"}}],\"inLanguage\":\"en-GB\"},{\"@type\":\"Organization\",\"@id\":\"https:\/\/www.calc-avocat.com\/#organization\",\"name\":\"Clarisse Amadieu-Le Claire Soci\u00e9t\u00e9 d\u2019Avocat\",\"url\":\"https:\/\/www.calc-avocat.com\/\",\"logo\":{\"@type\":\"ImageObject\",\"inLanguage\":\"en-GB\",\"@id\":\"https:\/\/www.calc-avocat.com\/#\/schema\/logo\/image\/\",\"url\":\"https:\/\/www.calc-avocat.com\/wp-content\/uploads\/2020\/02\/logoCALCv2.jpg\",\"contentUrl\":\"https:\/\/www.calc-avocat.com\/wp-content\/uploads\/2020\/02\/logoCALCv2.jpg\",\"width\":339,\"height\":339,\"caption\":\"Clarisse Amadieu-Le Claire Soci\u00e9t\u00e9 d\u2019Avocat\"},\"image\":{\"@id\":\"https:\/\/www.calc-avocat.com\/#\/schema\/logo\/image\/\"},\"sameAs\":[\"https:\/\/www.linkedin.com\/in\/clarisse-amadieu-le-claire-b0747116\/\"]}]}<\/script>\n<!-- \/ Yoast SEO plugin. -->","yoast_head_json":{"title":"Domaines d'intervention - Clarisse Amadieu-Le Claire","description":"Gestion fiscale des entreprises - Fiscalit\u00e9 des op\u00e9rations exceptionnelles - Fiscalit\u00e9 des associations et des particuliers - Contentieux fiscal","robots":{"index":"index","follow":"follow","max-snippet":"max-snippet:-1","max-image-preview":"max-image-preview:large","max-video-preview":"max-video-preview:-1"},"canonical":"https:\/\/www.calc-avocat.com\/en\/droit-fiscal\/","og_locale":"en_GB","og_type":"article","og_title":"Domaines d'intervention - Clarisse Amadieu-Le Claire","og_description":"Gestion fiscale des entreprises - Fiscalit\u00e9 des op\u00e9rations exceptionnelles - Fiscalit\u00e9 des associations et des particuliers - Contentieux fiscal","og_url":"https:\/\/www.calc-avocat.com\/en\/droit-fiscal\/","og_site_name":"Clarisse Amadieu-Le Claire","article_modified_time":"2021-05-02T11:16:40+00:00","twitter_card":"summary_large_image","twitter_misc":{"Estimated reading time":"4 minutes"},"schema":{"@context":"https:\/\/schema.org","@graph":[{"@type":"WebPage","@id":"https:\/\/www.calc-avocat.com\/droit-fiscal\/","url":"https:\/\/www.calc-avocat.com\/droit-fiscal\/","name":"Domaines d'intervention - Clarisse Amadieu-Le Claire","isPartOf":{"@id":"https:\/\/www.calc-avocat.com\/#website"},"datePublished":"2020-01-29T15:13:26+00:00","dateModified":"2021-05-02T11:16:40+00:00","description":"Gestion fiscale des entreprises - Fiscalit\u00e9 des op\u00e9rations exceptionnelles - Fiscalit\u00e9 des associations et des particuliers - Contentieux fiscal","breadcrumb":{"@id":"https:\/\/www.calc-avocat.com\/droit-fiscal\/#breadcrumb"},"inLanguage":"en-GB","potentialAction":[{"@type":"ReadAction","target":["https:\/\/www.calc-avocat.com\/droit-fiscal\/"]}]},{"@type":"BreadcrumbList","@id":"https:\/\/www.calc-avocat.com\/droit-fiscal\/#breadcrumb","itemListElement":[{"@type":"ListItem","position":1,"name":"Accueil","item":"https:\/\/www.calc-avocat.com\/"},{"@type":"ListItem","position":2,"name":"Domaines d&rsquo;intervention"}]},{"@type":"WebSite","@id":"https:\/\/www.calc-avocat.com\/#website","url":"https:\/\/www.calc-avocat.com\/","name":"Clarisse Amadieu-Le Claire","description":"Avocat au Barreau de Paris","publisher":{"@id":"https:\/\/www.calc-avocat.com\/#organization"},"potentialAction":[{"@type":"SearchAction","target":{"@type":"EntryPoint","urlTemplate":"https:\/\/www.calc-avocat.com\/?s={search_term_string}"},"query-input":{"@type":"PropertyValueSpecification","valueRequired":true,"valueName":"search_term_string"}}],"inLanguage":"en-GB"},{"@type":"Organization","@id":"https:\/\/www.calc-avocat.com\/#organization","name":"Clarisse Amadieu-Le Claire Soci\u00e9t\u00e9 d\u2019Avocat","url":"https:\/\/www.calc-avocat.com\/","logo":{"@type":"ImageObject","inLanguage":"en-GB","@id":"https:\/\/www.calc-avocat.com\/#\/schema\/logo\/image\/","url":"https:\/\/www.calc-avocat.com\/wp-content\/uploads\/2020\/02\/logoCALCv2.jpg","contentUrl":"https:\/\/www.calc-avocat.com\/wp-content\/uploads\/2020\/02\/logoCALCv2.jpg","width":339,"height":339,"caption":"Clarisse Amadieu-Le Claire Soci\u00e9t\u00e9 d\u2019Avocat"},"image":{"@id":"https:\/\/www.calc-avocat.com\/#\/schema\/logo\/image\/"},"sameAs":["https:\/\/www.linkedin.com\/in\/clarisse-amadieu-le-claire-b0747116\/"]}]}},"_links":{"self":[{"href":"https:\/\/www.calc-avocat.com\/en\/wp-json\/wp\/v2\/pages\/15","targetHints":{"allow":["GET"]}}],"collection":[{"href":"https:\/\/www.calc-avocat.com\/en\/wp-json\/wp\/v2\/pages"}],"about":[{"href":"https:\/\/www.calc-avocat.com\/en\/wp-json\/wp\/v2\/types\/page"}],"author":[{"embeddable":true,"href":"https:\/\/www.calc-avocat.com\/en\/wp-json\/wp\/v2\/users\/1"}],"replies":[{"embeddable":true,"href":"https:\/\/www.calc-avocat.com\/en\/wp-json\/wp\/v2\/comments?post=15"}],"version-history":[{"count":46,"href":"https:\/\/www.calc-avocat.com\/en\/wp-json\/wp\/v2\/pages\/15\/revisions"}],"predecessor-version":[{"id":519,"href":"https:\/\/www.calc-avocat.com\/en\/wp-json\/wp\/v2\/pages\/15\/revisions\/519"}],"wp:attachment":[{"href":"https:\/\/www.calc-avocat.com\/en\/wp-json\/wp\/v2\/media?parent=15"}],"curies":[{"name":"wp","href":"https:\/\/api.w.org\/{rel}","templated":true}]}}